{"id":5002,"date":"2026-07-09T14:51:54","date_gmt":"2026-07-09T12:51:54","guid":{"rendered":"https:\/\/centrumdit.pl\/?page_id=5002"},"modified":"2026-08-27T12:18:13","modified_gmt":"2026-08-27T10:18:13","slug":"psychotraumatolog-szczecin","status":"publish","type":"page","link":"https:\/\/centrumdit.pl\/index.php\/psychotraumatolog-szczecin\/","title":{"rendered":"Psychotraumatolog Szczecin"},"content":{"rendered":"\t\t<div data-elementor-type=\"wp-page\" data-elementor-id=\"5002\" class=\"elementor elementor-5002\">\n\t\t\t\t<div class=\"elementor-element elementor-element-94f3b6d e-flex e-con-boxed e-con e-parent\" data-id=\"94f3b6d\" data-element_type=\"container\">\n\t\t\t\t\t<div class=\"e-con-inner\">\n\t\t\t\t<div class=\"elementor-element elementor-element-ed7c9c5 elementor-widget elementor-widget-html\" data-id=\"ed7c9c5\" data-element_type=\"widget\" data-widget_type=\"html.default\">\n\t\t\t\t<div class=\"elementor-widget-container\">\n\t\t\t<p>Traumatyczne do\u015bwiadczenia mog\u0105 pozostawia\u0107 \u015blad nie&nbsp;tylko w&nbsp;pami\u0119ci, ale&nbsp;r&oacute;wnie\u017c w&nbsp;psychice i&nbsp;codziennym funkcjonowaniu. Wypadki, przemoc, katastrofy, nag\u0142a utrata bliskiej osoby czy&nbsp;d\u0142ugotrwa\u0142y stres cz\u0119sto mog\u0105 prowadzi\u0107 do&nbsp;powa\u017cnych konsekwencji emocjonalnych. W&nbsp;takich i&nbsp;podobnych sytuacjach warto si\u0119&nbsp;zg\u0142osi\u0107 do&nbsp;<strong>psychotraumatologa<\/strong>, czyli specjalisty zajmuj\u0105cego si\u0119&nbsp;diagnozowaniem oraz terapi\u0105 skutk&oacute;w traumy psychicznej.<\/p>\r\n<h2>Kim jest i&nbsp;czym zajmuje si\u0119&nbsp;psychotraumatolog?<\/h2>\r\n<p><strong>Psychotraumatolog<\/strong> to&nbsp;ekspert posiadaj\u0105cy wiedz\u0119 z&nbsp;zakresu psychologii traumy i&nbsp;jej&nbsp;wp\u0142ywu na&nbsp;funkcjonowanie cz\u0142owieka. Najcz\u0119\u015bciej jest to&nbsp;psycholog, psychoterapeuta lub&nbsp;lekarz psychiatra, kt&oacute;ry uko\u0144czy\u0142 dodatkowe szkolenia lub&nbsp;studia podyplomowe z&nbsp;psychotraumatologii. Jego zadaniem jest nie&nbsp;tylko pomoc osobom po&nbsp;jednorazowych traumatycznych wydarzeniach, ale&nbsp;r&oacute;wnie\u017c wsparcie tych zmagaj\u0105cych si\u0119&nbsp;z&nbsp;konsekwencjami d\u0142ugotrwa\u0142ych do\u015bwiadcze\u0144, takich jak&nbsp;przemoc domowa, zaniedbanie emocjonalne czy&nbsp;przewlek\u0142e poczucie zagro\u017cenia.<\/p>\r\n<h3>Kiedy najlepiej zwr&oacute;ci\u0107 si\u0119&nbsp;po&nbsp;pomoc do&nbsp;takiego specjalisty?<\/h3>\r\n<p>Praca <strong>psychotraumatologa<\/strong> obejmuje rozpoznawanie oraz leczenie problem&oacute;w psychicznych zwi\u0105zanych z&nbsp;prze\u017cyt\u0105 traum\u0105. Specjalista pomaga w&nbsp;zrozumieniu reakcji organizmu na&nbsp;stres, w&nbsp;odzyskaniu poczucia bezpiecze\u0144stwa i&nbsp;kontroli nad&nbsp;w\u0142asnym \u017cyciem. Do&nbsp;<strong>psychotraumatologa<\/strong> najcz\u0119\u015bciej zg\u0142aszaj\u0105 si\u0119&nbsp;osoby, kt&oacute;re do\u015bwiadczaj\u0105:<\/p>\r\n<ul>\r\n<li>nawracaj\u0105cych wspomnie\u0144 traumatycznych wydarze\u0144,<\/li>\r\n<li>silnego l\u0119ku i&nbsp;napi\u0119cia,<\/li>\r\n<li>koszmar&oacute;w sennych,<\/li>\r\n<li>napad&oacute;w paniki,<\/li>\r\n<li>problem&oacute;w ze&nbsp;snem,<\/li>\r\n<li>trudno\u015bci w&nbsp;relacjach z&nbsp;innymi lud\u017ami,<\/li>\r\n<li>zaburze\u0144 koncentracji,<\/li>\r\n<li>przewlek\u0142ego poczucia zagro\u017cenia,<\/li>\r\n<li>objaw&oacute;w zespo\u0142u stresu pourazowego (PTSD).<\/li>\r\n<\/ul>\r\n<p>W Centrum DIT&nbsp;w&nbsp;<strong>Szczecinie<\/strong> przyjmujemy zar&oacute;wno osoby doros\u0142e, jak&nbsp;i&nbsp;dzieci czy&nbsp;m\u0142odzie\u017c w&nbsp;ka\u017cdym wieku.<\/p>\r\n<h3>Jak dok\u0142adnie wygl\u0105da diagnoza?<\/h3>\r\n<p>Pierwszym etapem diagnostyki jest szczeg&oacute;\u0142owa konsultacja. <strong>Psychotraumatolog<\/strong> przeprowadza wywiad dotycz\u0105cy przebytych do\u015bwiadcze\u0144, aktualnych objaw&oacute;w, a&nbsp;tak\u017ce ich&nbsp;wp\u0142ywu na&nbsp;codzienne \u017cycie danej osoby. W&nbsp;czasie diagnozy specjalista ocenia mi\u0119dzy innymi:<\/p>\r\n<ul>\r\n<li>nasilenie objaw&oacute;w stresu pourazowego,<\/li>\r\n<li>funkcjonowanie emocjonalne,<\/li>\r\n<li>poziom l\u0119ku i&nbsp;napi\u0119cia,<\/li>\r\n<li>jako\u015b\u0107 snu,<\/li>\r\n<li>relacje rodzinne oraz spo\u0142eczne,<\/li>\r\n<li>sposoby radzenia sobie ze&nbsp;stresem.<\/li>\r\n<\/ul>\r\n<p>W zale\u017cno\u015bci od&nbsp;sytuacji <strong>psychotraumatolog<\/strong> mo\u017ce wykorzystywa\u0107 specjalne kwestionariusze i&nbsp;narz\u0119dzia diagnostyczne pomagaj\u0105ce okre\u015bli\u0107 zakres problemu i&nbsp;zaplanowa\u0107 odpowiedni\u0105 terapi\u0119.<\/p>\r\n<h3>Metody leczenia<\/h3>\r\n<p>Leczenie traumy wymaga indywidualnego podej\u015bcia. Ka\u017cdy cz\u0142owiek reaguje na&nbsp;trudne do\u015bwiadczenia w&nbsp;inny spos&oacute;b, dlatego te\u017c&nbsp;<strong>psychotraumatolog<\/strong> dobiera metody pracy do&nbsp;rodzaju prze\u017cytej traumy, nasilenia objaw&oacute;w oraz potrzeb danej osoby. Najcz\u0119\u015bciej w&nbsp;terapii wykorzystuje EMDR, kt&oacute;ra polega na&nbsp;przetwarzaniu wspomnie\u0144 przy wykorzystaniu bilateralnej stymulacji, najcz\u0119\u015bciej ruch&oacute;w ga\u0142ek ocznych. Celem takiej terapii jest zmniejszenie emocjonalnego obci\u0105\u017cenia zwi\u0105zanego z&nbsp;traumatycznym wydarzeniem.<\/p>\r\n<p>Poza EMDR lekarz wykorzystuje CBT&nbsp;&mdash; terapi\u0119 poznawczo-behawioraln\u0105, kt&oacute;ra pomaga rozpoznawa\u0107 i&nbsp;modyfikowa\u0107 negatywne schematy my\u015blenia czy&nbsp;zachowania utrwalone przez z\u0142e&nbsp;do\u015bwiadczenia.<\/p>\r\n<p>R&oacute;wnie skuteczna mo\u017ce okaza\u0107 si\u0119&nbsp;terapia skoncentrowana na&nbsp;traumie skupiaj\u0105ca si\u0119&nbsp;bezpo\u015brednio na&nbsp;przepracowaniu traumatycznych sytuacji, a&nbsp;tak\u017ce odbudowie poczucia bezpiecze\u0144stwa.<\/p>\r\n<p><strong>Psychotraumatolog<\/strong> mo\u017ce r&oacute;wnie\u017c wykorzystywa\u0107 interwencj\u0119 kryzysow\u0105 stosowan\u0105 bezpo\u015brednio po&nbsp;danym wydarzeniu b\u0105d\u017a w&nbsp;okresach silnego kryzysu psychicznego.<\/p>\r\n<h3>Praca z&nbsp;psychotraumatologiem<\/h3>\r\n<p><strong>Psychotraumatolog<\/strong> jest specjalist\u0105 wspieraj\u0105cym osoby, kt&oacute;re w&nbsp;swoim \u017cyciu do\u015bwiadczy\u0142y traumatycznych wydarze\u0144, a&nbsp;co&nbsp;za&nbsp;tym&nbsp;idzie &mdash; zmagaj\u0105 si\u0119&nbsp;z&nbsp;ich&nbsp;konsekwencjami psychicznymi. Dzi\u0119ki odpowiednio dobranym metodom diagnozy oraz terapii pomaga zredukowa\u0107 objawy stresu pourazowego, l\u0119czku czy&nbsp;napi\u0119cia, a&nbsp;tak\u017ce stopniowo, krok po&nbsp;kroku przywr&oacute;ci\u0107 r&oacute;wnowag\u0119 emocjonaln\u0105. Praca z&nbsp;<strong>psychotraumatologiem<\/strong> umo\u017cliwia nie&nbsp;tylko przepracowanie trudnych do\u015bwiadcze\u0144, ale&nbsp;te\u017c&nbsp;odbudowanie poczucia bezpiecze\u0144stwa i&nbsp;poprawi\u0119 jako\u015bci codziennego \u017cycia.<\/p>\r\n<p>W Centrum DIT&nbsp;w&nbsp;<strong>Szczecinie<\/strong> zajmujemy si\u0119&nbsp;leczeniem r&oacute;\u017cnego rodzaju dolegliwo\u015bci zwi\u0105zanych z&nbsp;przebyt\u0105 traum\u0105 &mdash; zapraszamy!<\/p>\t\t<\/div>\n\t\t\t\t<\/div>\n\t\t\t\t\t<\/div>\n\t\t\t\t<\/div>\n\t\t<div class=\"elementor-element elementor-element-56b75b8 e-flex e-con-boxed e-con e-parent\" data-id=\"56b75b8\" data-element_type=\"container\">\n\t\t\t\t\t<div class=\"e-con-inner\">\n\t\t\t\t<div class=\"elementor-element elementor-element-27afe46 elementor-widget elementor-widget-heading\" data-id=\"27afe46\" data-element_type=\"widget\" data-widget_type=\"heading.default\">\n\t\t\t\t<div class=\"elementor-widget-container\">\n\t\t\t<h2 class=\"elementor-heading-title elementor-size-default\">FAQ<\/h2>\t\t<\/div>\n\t\t\t\t<\/div>\n\t\t\t\t<div class=\"elementor-element elementor-element-8b65219 elementor-widget elementor-widget-accordion\" data-id=\"8b65219\" data-element_type=\"widget\" data-widget_type=\"accordion.default\">\n\t\t\t\t<div class=\"elementor-widget-container\">\n\t\t\t\t\t<div class=\"elementor-accordion\">\n\t\t\t\t\t\t\t<div class=\"elementor-accordion-item\">\n\t\t\t\t\t<div id=\"elementor-tab-title-1461\" class=\"elementor-tab-title\" data-tab=\"1\" role=\"button\" aria-controls=\"elementor-tab-content-1461\" aria-expanded=\"false\">\n\t\t\t\t\t\t\t\t\t\t\t\t\t<span class=\"elementor-accordion-icon elementor-accordion-icon-left\" aria-hidden=\"true\">\n\t\t\t\t\t\t\t\t\t\t\t\t\t\t\t<span class=\"elementor-accordion-icon-closed\"><svg class=\"e-font-icon-svg e-fas-plus\" viewBox=\"0 0 448 512\" xmlns=\"http:\/\/www.w3.org\/2000\/svg\"><path d=\"M416 208H272V64c0-17.67-14.33-32-32-32h-32c-17.67 0-32 14.33-32 32v144H32c-17.67 0-32 14.33-32 32v32c0 17.67 14.33 32 32 32h144v144c0 17.67 14.33 32 32 32h32c17.67 0 32-14.33 32-32V304h144c17.67 0 32-14.33 32-32v-32c0-17.67-14.33-32-32-32z\"><\/path><\/svg><\/span>\n\t\t\t\t\t\t\t\t<span class=\"elementor-accordion-icon-opened\"><svg class=\"e-font-icon-svg e-fas-minus\" viewBox=\"0 0 448 512\" xmlns=\"http:\/\/www.w3.org\/2000\/svg\"><path d=\"M416 208H32c-17.67 0-32 14.33-32 32v32c0 17.67 14.33 32 32 32h384c17.67 0 32-14.33 32-32v-32c0-17.67-14.33-32-32-32z\"><\/path><\/svg><\/span>\n\t\t\t\t\t\t\t\t\t\t\t\t\t\t<\/span>\n\t\t\t\t\t\t\t\t\t\t\t\t<a class=\"elementor-accordion-title\" tabindex=\"0\">Czym zajmuje si\u0119&nbsp;psychotraumatolog w&nbsp;Szczecinie?<\/a>\n\t\t\t\t\t<\/div>\n\t\t\t\t\t<div id=\"elementor-tab-content-1461\" class=\"elementor-tab-content elementor-clearfix\" data-tab=\"1\" role=\"region\" aria-labelledby=\"elementor-tab-title-1461\"><p>Psychotraumatolog zajmuje si\u0119\u00a0diagnoz\u0105 i\u00a0terapi\u0105 trudno\u015bci psychicznych zwi\u0105zanych z\u00a0do\u015bwiadczeniem traumy. Pomoc mo\u017ce obejmowa\u0107 mi\u0119dzy innymi prac\u0119 z\u00a0objawami stresu pourazowego, silnym l\u0119kiem, napi\u0119ciem, nawracaj\u0105cymi wspomnieniami, problemami ze\u00a0snem czy\u00a0poczuciem ci\u0105g\u0142ego zagro\u017cenia. W\u00a0Centrum DiT\u00a0w\u00a0Szczecinie spos\u00f3b pracy dobierany jest indywidualnie do\u00a0potrzeb i\u00a0sytuacji danej osoby.<\/p><\/div>\n\t\t\t\t<\/div>\n\t\t\t\t\t\t\t<div class=\"elementor-accordion-item\">\n\t\t\t\t\t<div id=\"elementor-tab-title-1462\" class=\"elementor-tab-title\" data-tab=\"2\" role=\"button\" aria-controls=\"elementor-tab-content-1462\" aria-expanded=\"false\">\n\t\t\t\t\t\t\t\t\t\t\t\t\t<span class=\"elementor-accordion-icon elementor-accordion-icon-left\" aria-hidden=\"true\">\n\t\t\t\t\t\t\t\t\t\t\t\t\t\t\t<span class=\"elementor-accordion-icon-closed\"><svg class=\"e-font-icon-svg e-fas-plus\" viewBox=\"0 0 448 512\" xmlns=\"http:\/\/www.w3.org\/2000\/svg\"><path d=\"M416 208H272V64c0-17.67-14.33-32-32-32h-32c-17.67 0-32 14.33-32 32v144H32c-17.67 0-32 14.33-32 32v32c0 17.67 14.33 32 32 32h144v144c0 17.67 14.33 32 32 32h32c17.67 0 32-14.33 32-32V304h144c17.67 0 32-14.33 32-32v-32c0-17.67-14.33-32-32-32z\"><\/path><\/svg><\/span>\n\t\t\t\t\t\t\t\t<span class=\"elementor-accordion-icon-opened\"><svg class=\"e-font-icon-svg e-fas-minus\" viewBox=\"0 0 448 512\" xmlns=\"http:\/\/www.w3.org\/2000\/svg\"><path d=\"M416 208H32c-17.67 0-32 14.33-32 32v32c0 17.67 14.33 32 32 32h384c17.67 0 32-14.33 32-32v-32c0-17.67-14.33-32-32-32z\"><\/path><\/svg><\/span>\n\t\t\t\t\t\t\t\t\t\t\t\t\t\t<\/span>\n\t\t\t\t\t\t\t\t\t\t\t\t<a class=\"elementor-accordion-title\" tabindex=\"0\">Kiedy warto zg\u0142osi\u0107 si\u0119&nbsp;do&nbsp;psychotraumatologa?<\/a>\n\t\t\t\t\t<\/div>\n\t\t\t\t\t<div id=\"elementor-tab-content-1462\" class=\"elementor-tab-content elementor-clearfix\" data-tab=\"2\" role=\"region\" aria-labelledby=\"elementor-tab-title-1462\"><p>Konsultacj\u0119 z\u00a0psychotraumatologiem warto rozwa\u017cy\u0107, gdy\u00a0trudne lub\u00a0traumatyczne wydarzenie nadal wp\u0142ywa na\u00a0samopoczucie i\u00a0codzienne funkcjonowanie. Powodem zg\u0142oszenia si\u0119\u00a0po\u00a0pomoc mog\u0105 by\u0107\u00a0m.in. nawracaj\u0105ce wspomnienia, koszmary senne, napady paniki, przewlek\u0142y l\u0119k\u00a0i\u00a0napi\u0119cie, trudno\u015bci w\u00a0relacjach, problemy z\u00a0koncentracj\u0105 lub\u00a0objawy PTSD.<\/p><\/div>\n\t\t\t\t<\/div>\n\t\t\t\t\t\t\t<div class=\"elementor-accordion-item\">\n\t\t\t\t\t<div id=\"elementor-tab-title-1463\" class=\"elementor-tab-title\" data-tab=\"3\" role=\"button\" aria-controls=\"elementor-tab-content-1463\" aria-expanded=\"false\">\n\t\t\t\t\t\t\t\t\t\t\t\t\t<span class=\"elementor-accordion-icon elementor-accordion-icon-left\" aria-hidden=\"true\">\n\t\t\t\t\t\t\t\t\t\t\t\t\t\t\t<span class=\"elementor-accordion-icon-closed\"><svg class=\"e-font-icon-svg e-fas-plus\" viewBox=\"0 0 448 512\" xmlns=\"http:\/\/www.w3.org\/2000\/svg\"><path d=\"M416 208H272V64c0-17.67-14.33-32-32-32h-32c-17.67 0-32 14.33-32 32v144H32c-17.67 0-32 14.33-32 32v32c0 17.67 14.33 32 32 32h144v144c0 17.67 14.33 32 32 32h32c17.67 0 32-14.33 32-32V304h144c17.67 0 32-14.33 32-32v-32c0-17.67-14.33-32-32-32z\"><\/path><\/svg><\/span>\n\t\t\t\t\t\t\t\t<span class=\"elementor-accordion-icon-opened\"><svg class=\"e-font-icon-svg e-fas-minus\" viewBox=\"0 0 448 512\" xmlns=\"http:\/\/www.w3.org\/2000\/svg\"><path d=\"M416 208H32c-17.67 0-32 14.33-32 32v32c0 17.67 14.33 32 32 32h384c17.67 0 32-14.33 32-32v-32c0-17.67-14.33-32-32-32z\"><\/path><\/svg><\/span>\n\t\t\t\t\t\t\t\t\t\t\t\t\t\t<\/span>\n\t\t\t\t\t\t\t\t\t\t\t\t<a class=\"elementor-accordion-title\" tabindex=\"0\">Jak wygl\u0105da pierwsza wizyta u&nbsp;psychotraumatologa w&nbsp;Szczecinie?<\/a>\n\t\t\t\t\t<\/div>\n\t\t\t\t\t<div id=\"elementor-tab-content-1463\" class=\"elementor-tab-content elementor-clearfix\" data-tab=\"3\" role=\"region\" aria-labelledby=\"elementor-tab-title-1463\"><p>Pierwsze spotkanie ma\u00a0przede wszystkim charakter konsultacyjny. Specjalista poznaje pow\u00f3d zg\u0142oszenia si\u0119, aktualne trudno\u015bci oraz ich\u00a0wp\u0142yw na\u00a0codzienne \u017cycie. Wywiad pozwala oceni\u0107 sytuacj\u0119 i\u00a0zaplanowa\u0107 dalsze post\u0119powanie. W\u00a0zale\u017cno\u015bci od\u00a0potrzeb mog\u0105 zosta\u0107 wykorzystane r\u00f3wnie\u017c odpowiednie narz\u0119dzia diagnostyczne.<\/p><\/div>\n\t\t\t\t<\/div>\n\t\t\t\t\t\t\t<div class=\"elementor-accordion-item\">\n\t\t\t\t\t<div id=\"elementor-tab-title-1464\" class=\"elementor-tab-title\" data-tab=\"4\" role=\"button\" aria-controls=\"elementor-tab-content-1464\" aria-expanded=\"false\">\n\t\t\t\t\t\t\t\t\t\t\t\t\t<span class=\"elementor-accordion-icon elementor-accordion-icon-left\" aria-hidden=\"true\">\n\t\t\t\t\t\t\t\t\t\t\t\t\t\t\t<span class=\"elementor-accordion-icon-closed\"><svg class=\"e-font-icon-svg e-fas-plus\" viewBox=\"0 0 448 512\" xmlns=\"http:\/\/www.w3.org\/2000\/svg\"><path d=\"M416 208H272V64c0-17.67-14.33-32-32-32h-32c-17.67 0-32 14.33-32 32v144H32c-17.67 0-32 14.33-32 32v32c0 17.67 14.33 32 32 32h144v144c0 17.67 14.33 32 32 32h32c17.67 0 32-14.33 32-32V304h144c17.67 0 32-14.33 32-32v-32c0-17.67-14.33-32-32-32z\"><\/path><\/svg><\/span>\n\t\t\t\t\t\t\t\t<span class=\"elementor-accordion-icon-opened\"><svg class=\"e-font-icon-svg e-fas-minus\" viewBox=\"0 0 448 512\" xmlns=\"http:\/\/www.w3.org\/2000\/svg\"><path d=\"M416 208H32c-17.67 0-32 14.33-32 32v32c0 17.67 14.33 32 32 32h384c17.67 0 32-14.33 32-32v-32c0-17.67-14.33-32-32-32z\"><\/path><\/svg><\/span>\n\t\t\t\t\t\t\t\t\t\t\t\t\t\t<\/span>\n\t\t\t\t\t\t\t\t\t\t\t\t<a class=\"elementor-accordion-title\" tabindex=\"0\">Czy psychotraumatolog pomaga osobom z&nbsp;PTSD?<\/a>\n\t\t\t\t\t<\/div>\n\t\t\t\t\t<div id=\"elementor-tab-content-1464\" class=\"elementor-tab-content elementor-clearfix\" data-tab=\"4\" role=\"region\" aria-labelledby=\"elementor-tab-title-1464\"><p>Tak. Jednym z\u00a0obszar\u00f3w pracy psychotraumatologa jest pomoc osobom do\u015bwiadczaj\u0105cym objaw\u00f3w zespo\u0142u stresu pourazowego (PTSD). Terapia jest dostosowywana do\u00a0rodzaju do\u015bwiadcze\u0144, wyst\u0119puj\u0105cych objaw\u00f3w oraz indywidualnych potrzeb osoby korzystaj\u0105cej ze\u00a0wsparcia.<\/p><\/div>\n\t\t\t\t<\/div>\n\t\t\t\t\t\t\t<div class=\"elementor-accordion-item\">\n\t\t\t\t\t<div id=\"elementor-tab-title-1465\" class=\"elementor-tab-title\" data-tab=\"5\" role=\"button\" aria-controls=\"elementor-tab-content-1465\" aria-expanded=\"false\">\n\t\t\t\t\t\t\t\t\t\t\t\t\t<span class=\"elementor-accordion-icon elementor-accordion-icon-left\" aria-hidden=\"true\">\n\t\t\t\t\t\t\t\t\t\t\t\t\t\t\t<span class=\"elementor-accordion-icon-closed\"><svg class=\"e-font-icon-svg e-fas-plus\" viewBox=\"0 0 448 512\" xmlns=\"http:\/\/www.w3.org\/2000\/svg\"><path d=\"M416 208H272V64c0-17.67-14.33-32-32-32h-32c-17.67 0-32 14.33-32 32v144H32c-17.67 0-32 14.33-32 32v32c0 17.67 14.33 32 32 32h144v144c0 17.67 14.33 32 32 32h32c17.67 0 32-14.33 32-32V304h144c17.67 0 32-14.33 32-32v-32c0-17.67-14.33-32-32-32z\"><\/path><\/svg><\/span>\n\t\t\t\t\t\t\t\t<span class=\"elementor-accordion-icon-opened\"><svg class=\"e-font-icon-svg e-fas-minus\" viewBox=\"0 0 448 512\" xmlns=\"http:\/\/www.w3.org\/2000\/svg\"><path d=\"M416 208H32c-17.67 0-32 14.33-32 32v32c0 17.67 14.33 32 32 32h384c17.67 0 32-14.33 32-32v-32c0-17.67-14.33-32-32-32z\"><\/path><\/svg><\/span>\n\t\t\t\t\t\t\t\t\t\t\t\t\t\t<\/span>\n\t\t\t\t\t\t\t\t\t\t\t\t<a class=\"elementor-accordion-title\" tabindex=\"0\">Czy do&nbsp;psychotraumatologa mo\u017cna zg\u0142osi\u0107 si\u0119&nbsp;wiele lat&nbsp;po&nbsp;traumatycznym wydarzeniu?<\/a>\n\t\t\t\t\t<\/div>\n\t\t\t\t\t<div id=\"elementor-tab-content-1465\" class=\"elementor-tab-content elementor-clearfix\" data-tab=\"5\" role=\"region\" aria-labelledby=\"elementor-tab-title-1465\"><p>Tak. Skutki trudnych do\u015bwiadcze\u0144 mog\u0105 utrzymywa\u0107 si\u0119\u00a0przez d\u0142ugi czas lub\u00a0ujawni\u0107 si\u0119\u00a0z\u00a0wi\u0119ksz\u0105 intensywno\u015bci\u0105 dopiero po\u00a0pewnym okresie. Je\u017celi wcze\u015bniejsze wydarzenia nadal wp\u0142ywaj\u0105 na\u00a0emocje, relacje, sen\u00a0lub\u00a0codzienne funkcjonowanie, konsultacja ze\u00a0specjalist\u0105 mo\u017ce pom\u00f3c w\u00a0okre\u015bleniu odpowiedniej formy wsparcia.<\/p><\/div>\n\t\t\t\t<\/div>\n\t\t\t\t\t\t\t<div class=\"elementor-accordion-item\">\n\t\t\t\t\t<div id=\"elementor-tab-title-1466\" class=\"elementor-tab-title\" data-tab=\"6\" role=\"button\" aria-controls=\"elementor-tab-content-1466\" aria-expanded=\"false\">\n\t\t\t\t\t\t\t\t\t\t\t\t\t<span class=\"elementor-accordion-icon elementor-accordion-icon-left\" aria-hidden=\"true\">\n\t\t\t\t\t\t\t\t\t\t\t\t\t\t\t<span class=\"elementor-accordion-icon-closed\"><svg class=\"e-font-icon-svg e-fas-plus\" viewBox=\"0 0 448 512\" xmlns=\"http:\/\/www.w3.org\/2000\/svg\"><path d=\"M416 208H272V64c0-17.67-14.33-32-32-32h-32c-17.67 0-32 14.33-32 32v144H32c-17.67 0-32 14.33-32 32v32c0 17.67 14.33 32 32 32h144v144c0 17.67 14.33 32 32 32h32c17.67 0 32-14.33 32-32V304h144c17.67 0 32-14.33 32-32v-32c0-17.67-14.33-32-32-32z\"><\/path><\/svg><\/span>\n\t\t\t\t\t\t\t\t<span class=\"elementor-accordion-icon-opened\"><svg class=\"e-font-icon-svg e-fas-minus\" viewBox=\"0 0 448 512\" xmlns=\"http:\/\/www.w3.org\/2000\/svg\"><path d=\"M416 208H32c-17.67 0-32 14.33-32 32v32c0 17.67 14.33 32 32 32h384c17.67 0 32-14.33 32-32v-32c0-17.67-14.33-32-32-32z\"><\/path><\/svg><\/span>\n\t\t\t\t\t\t\t\t\t\t\t\t\t\t<\/span>\n\t\t\t\t\t\t\t\t\t\t\t\t<a class=\"elementor-accordion-title\" tabindex=\"0\">Jakie metody stosuje si\u0119&nbsp;w&nbsp;terapii traumy?<\/a>\n\t\t\t\t\t<\/div>\n\t\t\t\t\t<div id=\"elementor-tab-content-1466\" class=\"elementor-tab-content elementor-clearfix\" data-tab=\"6\" role=\"region\" aria-labelledby=\"elementor-tab-title-1466\"><p>W pracy z\u00a0konsekwencjami traumy mog\u0105 by\u0107\u00a0wykorzystywane r\u00f3\u017cne metody terapeutyczne, mi\u0119dzy innymi EMDR, terapia poznawczo-behawioralna (CBT), terapia skoncentrowana na\u00a0traumie oraz interwencja kryzysowa. Wyb\u00f3r metody zale\u017cy od\u00a0charakteru trudno\u015bci, nasilenia objaw\u00f3w oraz indywidualnych potrzeb danej osoby.<\/p><\/div>\n\t\t\t\t<\/div>\n\t\t\t\t\t\t\t<div class=\"elementor-accordion-item\">\n\t\t\t\t\t<div id=\"elementor-tab-title-1467\" class=\"elementor-tab-title\" data-tab=\"7\" role=\"button\" aria-controls=\"elementor-tab-content-1467\" aria-expanded=\"false\">\n\t\t\t\t\t\t\t\t\t\t\t\t\t<span class=\"elementor-accordion-icon elementor-accordion-icon-left\" aria-hidden=\"true\">\n\t\t\t\t\t\t\t\t\t\t\t\t\t\t\t<span class=\"elementor-accordion-icon-closed\"><svg class=\"e-font-icon-svg e-fas-plus\" viewBox=\"0 0 448 512\" xmlns=\"http:\/\/www.w3.org\/2000\/svg\"><path d=\"M416 208H272V64c0-17.67-14.33-32-32-32h-32c-17.67 0-32 14.33-32 32v144H32c-17.67 0-32 14.33-32 32v32c0 17.67 14.33 32 32 32h144v144c0 17.67 14.33 32 32 32h32c17.67 0 32-14.33 32-32V304h144c17.67 0 32-14.33 32-32v-32c0-17.67-14.33-32-32-32z\"><\/path><\/svg><\/span>\n\t\t\t\t\t\t\t\t<span class=\"elementor-accordion-icon-opened\"><svg class=\"e-font-icon-svg e-fas-minus\" viewBox=\"0 0 448 512\" xmlns=\"http:\/\/www.w3.org\/2000\/svg\"><path d=\"M416 208H32c-17.67 0-32 14.33-32 32v32c0 17.67 14.33 32 32 32h384c17.67 0 32-14.33 32-32v-32c0-17.67-14.33-32-32-32z\"><\/path><\/svg><\/span>\n\t\t\t\t\t\t\t\t\t\t\t\t\t\t<\/span>\n\t\t\t\t\t\t\t\t\t\t\t\t<a class=\"elementor-accordion-title\" tabindex=\"0\">Czy psychotraumatolog w&nbsp;Szczecinie przyjmuje dzieci i&nbsp;m\u0142odzie\u017c?<\/a>\n\t\t\t\t\t<\/div>\n\t\t\t\t\t<div id=\"elementor-tab-content-1467\" class=\"elementor-tab-content elementor-clearfix\" data-tab=\"7\" role=\"region\" aria-labelledby=\"elementor-tab-title-1467\"><p>W Centrum DiT\u00a0w\u00a0Szczecinie ze\u00a0wsparcia mog\u0105 korzysta\u0107 osoby doros\u0142e, a\u00a0tak\u017ce dzieci i\u00a0m\u0142odzie\u017c. Forma konsultacji oraz dalszej pracy jest dostosowywana do\u00a0wieku, sytuacji i\u00a0potrzeb osoby zg\u0142aszaj\u0105cej si\u0119\u00a0po\u00a0pomoc.<\/p><\/div>\n\t\t\t\t<\/div>\n\t\t\t\t\t\t\t<div class=\"elementor-accordion-item\">\n\t\t\t\t\t<div id=\"elementor-tab-title-1468\" class=\"elementor-tab-title\" data-tab=\"8\" role=\"button\" aria-controls=\"elementor-tab-content-1468\" aria-expanded=\"false\">\n\t\t\t\t\t\t\t\t\t\t\t\t\t<span class=\"elementor-accordion-icon elementor-accordion-icon-left\" aria-hidden=\"true\">\n\t\t\t\t\t\t\t\t\t\t\t\t\t\t\t<span class=\"elementor-accordion-icon-closed\"><svg class=\"e-font-icon-svg e-fas-plus\" viewBox=\"0 0 448 512\" xmlns=\"http:\/\/www.w3.org\/2000\/svg\"><path d=\"M416 208H272V64c0-17.67-14.33-32-32-32h-32c-17.67 0-32 14.33-32 32v144H32c-17.67 0-32 14.33-32 32v32c0 17.67 14.33 32 32 32h144v144c0 17.67 14.33 32 32 32h32c17.67 0 32-14.33 32-32V304h144c17.67 0 32-14.33 32-32v-32c0-17.67-14.33-32-32-32z\"><\/path><\/svg><\/span>\n\t\t\t\t\t\t\t\t<span class=\"elementor-accordion-icon-opened\"><svg class=\"e-font-icon-svg e-fas-minus\" viewBox=\"0 0 448 512\" xmlns=\"http:\/\/www.w3.org\/2000\/svg\"><path d=\"M416 208H32c-17.67 0-32 14.33-32 32v32c0 17.67 14.33 32 32 32h384c17.67 0 32-14.33 32-32v-32c0-17.67-14.33-32-32-32z\"><\/path><\/svg><\/span>\n\t\t\t\t\t\t\t\t\t\t\t\t\t\t<\/span>\n\t\t\t\t\t\t\t\t\t\t\t\t<a class=\"elementor-accordion-title\" tabindex=\"0\">Czy psychotraumatolog i&nbsp;psycholog to&nbsp;ten&nbsp;sam&nbsp;specjalista?<\/a>\n\t\t\t\t\t<\/div>\n\t\t\t\t\t<div id=\"elementor-tab-content-1468\" class=\"elementor-tab-content elementor-clearfix\" data-tab=\"8\" role=\"region\" aria-labelledby=\"elementor-tab-title-1468\"><p>Nie zawsze. Psychotraumatologia jest obszarem skoncentrowanym na\u00a0traumie psychicznej oraz jej\u00a0konsekwencjach. Psychotraumatologiem mo\u017ce by\u0107\u00a0m.in. psycholog lub\u00a0psychoterapeuta posiadaj\u0105cy dodatkowe przygotowanie w\u00a0zakresie pracy z\u00a0osobami po\u00a0do\u015bwiadczeniach traumatycznych.<\/p><\/div>\n\t\t\t\t<\/div>\n\t\t\t\t\t\t\t<div class=\"elementor-accordion-item\">\n\t\t\t\t\t<div id=\"elementor-tab-title-1469\" class=\"elementor-tab-title\" data-tab=\"9\" role=\"button\" aria-controls=\"elementor-tab-content-1469\" aria-expanded=\"false\">\n\t\t\t\t\t\t\t\t\t\t\t\t\t<span class=\"elementor-accordion-icon elementor-accordion-icon-left\" aria-hidden=\"true\">\n\t\t\t\t\t\t\t\t\t\t\t\t\t\t\t<span class=\"elementor-accordion-icon-closed\"><svg class=\"e-font-icon-svg e-fas-plus\" viewBox=\"0 0 448 512\" xmlns=\"http:\/\/www.w3.org\/2000\/svg\"><path d=\"M416 208H272V64c0-17.67-14.33-32-32-32h-32c-17.67 0-32 14.33-32 32v144H32c-17.67 0-32 14.33-32 32v32c0 17.67 14.33 32 32 32h144v144c0 17.67 14.33 32 32 32h32c17.67 0 32-14.33 32-32V304h144c17.67 0 32-14.33 32-32v-32c0-17.67-14.33-32-32-32z\"><\/path><\/svg><\/span>\n\t\t\t\t\t\t\t\t<span class=\"elementor-accordion-icon-opened\"><svg class=\"e-font-icon-svg e-fas-minus\" viewBox=\"0 0 448 512\" xmlns=\"http:\/\/www.w3.org\/2000\/svg\"><path d=\"M416 208H32c-17.67 0-32 14.33-32 32v32c0 17.67 14.33 32 32 32h384c17.67 0 32-14.33 32-32v-32c0-17.67-14.33-32-32-32z\"><\/path><\/svg><\/span>\n\t\t\t\t\t\t\t\t\t\t\t\t\t\t<\/span>\n\t\t\t\t\t\t\t\t\t\t\t\t<a class=\"elementor-accordion-title\" tabindex=\"0\">Jak um&oacute;wi\u0107 wizyt\u0119 u&nbsp;psychotraumatologa w&nbsp;Szczecinie?<\/a>\n\t\t\t\t\t<\/div>\n\t\t\t\t\t<div id=\"elementor-tab-content-1469\" class=\"elementor-tab-content elementor-clearfix\" data-tab=\"9\" role=\"region\" aria-labelledby=\"elementor-tab-title-1469\"><p>Aby um\u00f3wi\u0107 konsultacj\u0119 w\u00a0Centrum DiT\u00a0w\u00a0Szczecinie, mo\u017cna skontaktowa\u0107 si\u0119\u00a0z\u00a0plac\u00f3wk\u0105 telefonicznie pod\u00a0numerem +48 607\u00a0222\u00a0265\u00a0lub\u00a0skorzysta\u0107 z\u00a0formularza kontaktowego. Centrum mie\u015bci si\u0119\u00a0przy ul. Zygmunta Krasi\u0144skiego 10\u00a0w\u00a0Szczecinie.<\/p><\/div>\n\t\t\t\t<\/div>\n\t\t\t\t\t\t\t\t<\/div>\n\t\t\t\t<\/div>\n\t\t\t\t<\/div>\n\t\t\t\t<div class=\"elementor-element elementor-element-515d1ef elementor-widget elementor-widget-html\" data-id=\"515d1ef\" data-element_type=\"widget\" data-widget_type=\"html.default\">\n\t\t\t\t<div class=\"elementor-widget-container\">\n\t\t\t<script type=\"application\/ld+json\">\r\n{\r\n\"@context\": \"https:\/\/schema.org\",\r\n\"@type\": \"FAQPage\",\r\n\"mainEntity\": [\r\n{\r\n\"@type\": \"Question\",\r\n\"name\": \"Czym zajmuje si\u0119 psychotraumatolog w Szczecinie?\",\r\n\"acceptedAnswer\": {\r\n\"@type\": \"Answer\",\r\n\"text\": \"Psychotraumatolog zajmuje si\u0119 diagnoz\u0105 i terapi\u0105 trudno\u015bci psychicznych zwi\u0105zanych z do\u015bwiadczeniem traumy. Pomoc mo\u017ce obejmowa\u0107 mi\u0119dzy innymi prac\u0119 z objawami stresu pourazowego, silnym l\u0119kiem, napi\u0119ciem, nawracaj\u0105cymi wspomnieniami, problemami ze snem czy poczuciem ci\u0105g\u0142ego zagro\u017cenia. W Centrum DiT w Szczecinie spos\u00f3b pracy dobierany jest indywidualnie do potrzeb i sytuacji danej osoby.\"\r\n}\r\n},\r\n{\r\n\"@type\": \"Question\",\r\n\"name\": \"Kiedy warto zg\u0142osi\u0107 si\u0119 do psychotraumatologa?\",\r\n\"acceptedAnswer\": {\r\n\"@type\": \"Answer\",\r\n\"text\": \"Konsultacj\u0119 z psychotraumatologiem warto rozwa\u017cy\u0107, gdy trudne lub traumatyczne wydarzenie nadal wp\u0142ywa na samopoczucie i codzienne funkcjonowanie. Powodem zg\u0142oszenia si\u0119 po pomoc mog\u0105 by\u0107 m.in. nawracaj\u0105ce wspomnienia, koszmary senne, napady paniki, przewlek\u0142y l\u0119k i napi\u0119cie, trudno\u015bci w relacjach, problemy z koncentracj\u0105 lub objawy PTSD.\"\r\n}\r\n},\r\n{\r\n\"@type\": \"Question\",\r\n\"name\": \"Jak wygl\u0105da pierwsza wizyta u psychotraumatologa w Szczecinie?\",\r\n\"acceptedAnswer\": {\r\n\"@type\": \"Answer\",\r\n\"text\": \"Pierwsze spotkanie ma przede wszystkim charakter konsultacyjny. Specjalista poznaje pow\u00f3d zg\u0142oszenia si\u0119, aktualne trudno\u015bci oraz ich wp\u0142yw na codzienne \u017cycie. Wywiad pozwala oceni\u0107 sytuacj\u0119 i zaplanowa\u0107 dalsze post\u0119powanie. W zale\u017cno\u015bci od potrzeb mog\u0105 zosta\u0107 wykorzystane r\u00f3wnie\u017c odpowiednie narz\u0119dzia diagnostyczne.\"\r\n}\r\n},\r\n{\r\n\"@type\": \"Question\",\r\n\"name\": \"Czy psychotraumatolog pomaga osobom z PTSD?\",\r\n\"acceptedAnswer\": {\r\n\"@type\": \"Answer\",\r\n\"text\": \"Tak. Jednym z obszar\u00f3w pracy psychotraumatologa jest pomoc osobom do\u015bwiadczaj\u0105cym objaw\u00f3w zespo\u0142u stresu pourazowego (PTSD). Terapia jest dostosowywana do rodzaju do\u015bwiadcze\u0144, wyst\u0119puj\u0105cych objaw\u00f3w oraz indywidualnych potrzeb osoby korzystaj\u0105cej ze wsparcia.\"\r\n}\r\n},\r\n{\r\n\"@type\": \"Question\",\r\n\"name\": \"Czy do psychotraumatologa mo\u017cna zg\u0142osi\u0107 si\u0119 wiele lat po traumatycznym wydarzeniu?\",\r\n\"acceptedAnswer\": {\r\n\"@type\": \"Answer\",\r\n\"text\": \"Tak. Skutki trudnych do\u015bwiadcze\u0144 mog\u0105 utrzymywa\u0107 si\u0119 przez d\u0142ugi czas lub ujawni\u0107 si\u0119 z wi\u0119ksz\u0105 intensywno\u015bci\u0105 dopiero po pewnym okresie. Je\u017celi wcze\u015bniejsze wydarzenia nadal wp\u0142ywaj\u0105 na emocje, relacje, sen lub codzienne funkcjonowanie, konsultacja ze specjalist\u0105 mo\u017ce pom\u00f3c w okre\u015bleniu odpowiedniej formy wsparcia.\"\r\n}\r\n},\r\n{\r\n\"@type\": \"Question\",\r\n\"name\": \"Jakie metody stosuje si\u0119 w terapii traumy?\",\r\n\"acceptedAnswer\": {\r\n\"@type\": \"Answer\",\r\n\"text\": \"W pracy z konsekwencjami traumy mog\u0105 by\u0107 wykorzystywane r\u00f3\u017cne metody terapeutyczne, mi\u0119dzy innymi EMDR, terapia poznawczo-behawioralna (CBT), terapia skoncentrowana na traumie oraz interwencja kryzysowa. Wyb\u00f3r metody zale\u017cy od charakteru trudno\u015bci, nasilenia objaw\u00f3w oraz indywidualnych potrzeb danej osoby.\"\r\n}\r\n},\r\n{\r\n\"@type\": \"Question\",\r\n\"name\": \"Czy psychotraumatolog w Szczecinie przyjmuje dzieci i m\u0142odzie\u017c?\",\r\n\"acceptedAnswer\": {\r\n\"@type\": \"Answer\",\r\n\"text\": \"W Centrum DiT w Szczecinie ze wsparcia mog\u0105 korzysta\u0107 osoby doros\u0142e, a tak\u017ce dzieci i m\u0142odzie\u017c. Forma konsultacji oraz dalszej pracy jest dostosowywana do wieku, sytuacji i potrzeb osoby zg\u0142aszaj\u0105cej si\u0119 po pomoc.\"\r\n}\r\n},\r\n{\r\n\"@type\": \"Question\",\r\n\"name\": \"Czy psychotraumatolog i psycholog to ten sam specjalista?\",\r\n\"acceptedAnswer\": {\r\n\"@type\": \"Answer\",\r\n\"text\": \"Nie zawsze. Psychotraumatologia jest obszarem skoncentrowanym na traumie psychicznej oraz jej konsekwencjach. Psychotraumatologiem mo\u017ce by\u0107 m.in. psycholog lub psychoterapeuta posiadaj\u0105cy dodatkowe przygotowanie w zakresie pracy z osobami po do\u015bwiadczeniach traumatycznych.\"\r\n}\r\n},\r\n{\r\n\"@type\": \"Question\",\r\n\"name\": \"Jak um\u00f3wi\u0107 wizyt\u0119 u psychotraumatologa w Szczecinie?\",\r\n\"acceptedAnswer\": {\r\n\"@type\": \"Answer\",\r\n\"text\": \"Aby um\u00f3wi\u0107 konsultacj\u0119 w Centrum DiT w Szczecinie, mo\u017cna skontaktowa\u0107 si\u0119 z plac\u00f3wk\u0105 telefonicznie pod numerem +48 607 222 265 lub skorzysta\u0107 z formularza kontaktowego. Centrum mie\u015bci si\u0119 przy ul. Zygmunta Krasi\u0144skiego 10 w Szczecinie.\"\r\n}\r\n}\r\n]\r\n}\r\n<\/script>\t\t<\/div>\n\t\t\t\t<\/div>\n\t\t\t\t\t<\/div>\n\t\t\t\t<\/div>\n\t\t\t\t<\/div>\n\t\t","protected":false},"excerpt":{"rendered":"<p>Traumatyczne do\u015bwiadczenia mog\u0105 pozostawia\u0107 \u015blad nie&nbsp;tylko w&nbsp;pami\u0119ci, ale&nbsp;r&oacute;wnie\u017c w&nbsp;psychice i&nbsp;codziennym funkcjonowaniu. Wypadki, przemoc, katastrofy, nag\u0142a utrata bliskiej osoby czy&nbsp;d\u0142ugotrwa\u0142y stres cz\u0119sto mog\u0105 prowadzi\u0107 do&nbsp;powa\u017cnych konsekwencji emocjonalnych. W&nbsp;takich i&nbsp;podobnych sytuacjach warto si\u0119&nbsp;zg\u0142osi\u0107 do&nbsp;psychotraumatologa, czyli specjalisty zajmuj\u0105cego si\u0119&nbsp;diagnozowaniem oraz terapi\u0105 skutk&oacute;w traumy psychicznej. Kim jest i&nbsp;czym zajmuje si\u0119&nbsp;psychotraumatolog? Psychotraumatolog to&nbsp;ekspert posiadaj\u0105cy wiedz\u0119 z&nbsp;zakresu psychologii traumy i&nbsp;jej&nbsp;wp\u0142ywu na&nbsp;funkcjonowanie [&hellip;]<\/p>\n","protected":false},"author":1,"featured_media":0,"parent":0,"menu_order":0,"comment_status":"closed","ping_status":"closed","template":"","meta":{"footnotes":""},"class_list":["post-5002","page","type-page","status-publish","hentry","without-image"],"_links":{"self":[{"href":"https:\/\/centrumdit.pl\/index.php\/wp-json\/wp\/v2\/pages\/5002","targetHints":{"allow":["GET"]}}],"collection":[{"href":"https:\/\/centrumdit.pl\/index.php\/wp-json\/wp\/v2\/pages"}],"about":[{"href":"https:\/\/centrumdit.pl\/index.php\/wp-json\/wp\/v2\/types\/page"}],"author":[{"embeddable":true,"href":"https:\/\/centrumdit.pl\/index.php\/wp-json\/wp\/v2\/users\/1"}],"replies":[{"embeddable":true,"href":"https:\/\/centrumdit.pl\/index.php\/wp-json\/wp\/v2\/comments?post=5002"}],"version-history":[{"count":17,"href":"https:\/\/centrumdit.pl\/index.php\/wp-json\/wp\/v2\/pages\/5002\/revisions"}],"predecessor-version":[{"id":5024,"href":"https:\/\/centrumdit.pl\/index.php\/wp-json\/wp\/v2\/pages\/5002\/revisions\/5024"}],"wp:attachment":[{"href":"https:\/\/centrumdit.pl\/index.php\/wp-json\/wp\/v2\/media?parent=5002"}],"curies":[{"name":"wp","href":"https:\/\/api.w.org\/{rel}","templated":true}]}}